{"id":5603,"date":"2026-01-15T09:58:02","date_gmt":"2026-01-15T08:58:02","guid":{"rendered":"https:\/\/ouestybus.com\/?post_type=product&#038;p=5603"},"modified":"2026-01-20T15:09:51","modified_gmt":"2026-01-20T14:09:51","slug":"gavrinis","status":"publish","type":"product","link":"https:\/\/ouestybus.com\/en\/product\/gavrinis\/","title":{"rendered":"Visite du Cairn de Gavrinis et d\u00e9couverte de l&rsquo;\u00eele Berder"},"content":{"rendered":"<h3>Visite du Cairn de Gavrinis<\/h3>\n<p>&nbsp;<\/p>\n<p>Le cairn de Gavrinis est un joyau de la pr\u00e9histoire, souvent appel\u00e9e \u00ab la Sixtine du N\u00e9olithique \u00bb. Situ\u00e9 sur l\u2019\u00eele de Gavrinis, diff\u00e9rents types de visites sont propos\u00e9es pour partager ce pr\u00e9cieux patrimoine, depuis le port de Larmor-Baden ou d\u2019autres ports.<\/p>\n<p>Pour des raisons de conservation, mais aussi pour votre confort, le cairn de Gavrinis se visite en petit groupe et uniquement dans le cadre de visites guid\u00e9es.<\/p>\n<p>La visite classique s\u2019effectue au d\u00e9part du port de Larmor-Baden.<br \/>\nVous embarquerez \u00e0 bord du bateau du Passeur des \u00eeles. La travers\u00e9e vers l\u2019\u00eele de Gavrinis dure environ 15 min. Cette travers\u00e9e est l\u2019occasion de contempler le paysage et d\u2019\u00e9couter les commentaires dispens\u00e9s sur l\u2019environnement naturel et marin du Golfe du Morbihan.<br \/>\nLe guide vous accompagnera ensuite depuis la cale jusqu\u2019au cairn de Gavrinis pour une visite guid\u00e9e de 90 minutes, durant laquelle vous d\u00e9couvrirez le paysage et son \u00e9volution depuis l\u2019\u00e9poque n\u00e9olithique, les premi\u00e8res soci\u00e9t\u00e9s humaines et leurs architectures de pierres\u2026 ainsi que l\u2019int\u00e9rieur du monument, richement d\u00e9cor\u00e9 de dalles grav\u00e9es. La travers\u00e9e retour dure environ 15 min.<\/p>\n<p>Dur\u00e9e totale : 2h<br \/>\nD\u00e9part du port de Larmor-Baden<\/p>\n<p>&nbsp;<\/p>\n<p>&nbsp;<\/p>\n<p>&nbsp;<\/p>\n<p>&nbsp;<\/p>\n<p><iframe loading=\"lazy\" title=\"1001 Escapades: Le cairn de Gavrinis, Morbihan (56), la chapelle Sixtine du n\u00e9olithique.\" width=\"1200\" height=\"675\" src=\"https:\/\/www.youtube.com\/embed\/TKpNSbhdIUQ?feature=oembed\" frameborder=\"0\" allow=\"accelerometer; autoplay; clipboard-write; encrypted-media; gyroscope; picture-in-picture; web-share\" referrerpolicy=\"strict-origin-when-cross-origin\" allowfullscreen><\/iframe><\/p>\n<p>&nbsp;<\/p>\n<h3>D\u00e9couverte de l&rsquo;\u00eele Berder<\/h3>\n<p>&nbsp;<\/p>\n<div class=\"cell large-8\">\n<div class=\"grid-x grid-padding-y\">\n<div class=\"cell\">\n<div class=\"woody-component woody-component-custom-text tpl_01\">\n<div class=\"grid-x grid-padding-x\">\n<div class=\"cell\">\n<p>L\u2019\u00eele Berder reste un lieu de promenade tr\u00e8s pris\u00e9 des habitants du golfe du Morbihan pour son circuit p\u00e9destre de 2,5\u00a0km le long du sentier c\u00f4tier. Il faut une petite heure pour en faire le tour. Mais impossible de s\u2019aventurer au c\u0153ur des 23\u00a0hectares de l\u2019\u00eele, car elle demeure une propri\u00e9t\u00e9 priv\u00e9e (seul le sentier c\u00f4tier est public).<\/p>\n<p>Au fil de la balade sur l\u2019\u00eele Berder, on chemine \u00e0 l\u2019ombre des arbres et d\u2019une v\u00e9g\u00e9tation qui rappelle la M\u00e9diterran\u00e9e. On y d\u00e9couvre de magnifiques points de vue sur le Golfe du Morbihan et l\u2019<a href=\"https:\/\/www.golfedumorbihan.bzh\/explorer-vannes\/decouvrir-vannes\/golfe-morbihan\/les-iles-du-morbihan\/iles-du-golfe-du-morbihan\/ile-aux-moines\/\">\u00eele aux Moines<\/a> en arri\u00e8re-plan. Lorsque la mar\u00e9e est basse, les parcs \u00e0 huitres et \u00e0 moules ainsi qu\u2019un cimeti\u00e8re de bateaux se d\u00e9voilent au gr\u00e9 de la promenade.<\/p>\n<\/div>\n<\/div>\n<\/div>\n<\/div>\n<\/div>\n<\/div>\n<p>&nbsp;<\/p>\n<p>&nbsp;<\/p>\n<p>Acompte de 30\u20ac pour valider votre inscription.<\/p>\n<p>&nbsp;<\/p>\n<p>&nbsp;<\/p>\n<p>&nbsp;<\/p>\n<p>&nbsp;<\/p>\n<h3><strong>Retour :<\/strong><\/h3>\n<p style=\"text-align: left;\">Rosporden-:\u00a0 18h<br \/>\nConcarneau-17h30<br \/>\nQuimper-gare\u00a0 : 18h<\/p>\n<p style=\"text-align: left;\">Quimperl\u00e9 kervidanou 3 : 17h<\/p>\n<p>&nbsp;<\/p>\n<p>&nbsp;<\/p>\n<p>&nbsp;<\/p>\n<p>&nbsp;<\/p>\n<p>&nbsp;<\/p>\n<p>&nbsp;<\/p>\n<p>&nbsp;<\/p>","protected":false},"excerpt":{"rendered":"<p><strong>Destination :<\/strong> \u00eele de Gavrinis &#8211; Larmor Baden<\/p>\n<p>Dimanche 5 avril<\/p>","protected":false},"featured_media":5607,"template":"","meta":[],"product_brand":[],"product_cat":[16,18],"product_tag":[],"class_list":{"0":"post-5603","1":"product","2":"type-product","3":"status-publish","4":"has-post-thumbnail","6":"product_cat-circuits","7":"product_cat-circuits-au-depart-de-quimper-concarneau-rosporden-quimperle","8":"description-off","9":"tm-has-options","11":"first","12":"instock","13":"virtual","14":"sold-individually","15":"taxable","16":"purchasable","17":"product-type-booking"},"yoast_head":"<!-- This site is optimized with the Yoast SEO plugin v26.6 - https:\/\/yoast.com\/wordpress\/plugins\/seo\/ -->\n<title>Visite du Cairn de Gavrinis et d\u00e9couverte de l&#039;\u00eele Berder - OuesTyBus<\/title>\n<meta name=\"robots\" content=\"index, follow, max-snippet:-1, max-image-preview:large, max-video-preview:-1\" \/>\n<link rel=\"canonical\" href=\"https:\/\/ouestybus.com\/en\/product\/gavrinis\/\" \/>\n<meta property=\"og:locale\" content=\"en_GB\" \/>\n<meta property=\"og:type\" content=\"article\" \/>\n<meta property=\"og:title\" content=\"Visite du Cairn de Gavrinis et d\u00e9couverte de l&#039;\u00eele Berder - OuesTyBus\" \/>\n<meta property=\"og:description\" content=\"Destination : \u00eele de Gavrinis - Larmor Baden  Dimanche 5 avril\" \/>\n<meta property=\"og:url\" content=\"https:\/\/ouestybus.com\/en\/product\/gavrinis\/\" \/>\n<meta property=\"og:site_name\" content=\"OuesTyBus\" \/>\n<meta property=\"article:publisher\" content=\"https:\/\/www.facebook.com\/ouestybus\" \/>\n<meta property=\"article:modified_time\" content=\"2026-01-20T14:09:51+00:00\" \/>\n<meta property=\"og:image\" content=\"https:\/\/ouestybus.com\/wp-content\/uploads\/2026\/01\/1200x680.jpg\" \/>\n\t<meta property=\"og:image:width\" content=\"1200\" \/>\n\t<meta property=\"og:image:height\" content=\"680\" \/>\n\t<meta property=\"og:image:type\" content=\"image\/jpeg\" \/>\n<meta name=\"twitter:card\" content=\"summary_large_image\" \/>\n<meta name=\"twitter:label1\" content=\"Estimated reading time\" \/>\n\t<meta name=\"twitter:data1\" content=\"2 minutes\" \/>\n<script type=\"application\/ld+json\" class=\"yoast-schema-graph\">{\"@context\":\"https:\/\/schema.org\",\"@graph\":[{\"@type\":\"WebPage\",\"@id\":\"https:\/\/ouestybus.com\/produit\/gavrinis\/\",\"url\":\"https:\/\/ouestybus.com\/produit\/gavrinis\/\",\"name\":\"Visite du Cairn de Gavrinis et d\u00e9couverte de l'\u00eele Berder - OuesTyBus\",\"isPartOf\":{\"@id\":\"https:\/\/ouestybus.com\/en\/#website\"},\"primaryImageOfPage\":{\"@id\":\"https:\/\/ouestybus.com\/produit\/gavrinis\/#primaryimage\"},\"image\":{\"@id\":\"https:\/\/ouestybus.com\/produit\/gavrinis\/#primaryimage\"},\"thumbnailUrl\":\"https:\/\/ouestybus.com\/wp-content\/uploads\/2026\/01\/1200x680.jpg\",\"datePublished\":\"2026-01-15T08:58:02+00:00\",\"dateModified\":\"2026-01-20T14:09:51+00:00\",\"breadcrumb\":{\"@id\":\"https:\/\/ouestybus.com\/produit\/gavrinis\/#breadcrumb\"},\"inLanguage\":\"en-GB\",\"potentialAction\":[{\"@type\":\"ReadAction\",\"target\":[\"https:\/\/ouestybus.com\/produit\/gavrinis\/\"]}]},{\"@type\":\"ImageObject\",\"inLanguage\":\"en-GB\",\"@id\":\"https:\/\/ouestybus.com\/produit\/gavrinis\/#primaryimage\",\"url\":\"https:\/\/ouestybus.com\/wp-content\/uploads\/2026\/01\/1200x680.jpg\",\"contentUrl\":\"https:\/\/ouestybus.com\/wp-content\/uploads\/2026\/01\/1200x680.jpg\",\"width\":1200,\"height\":680},{\"@type\":\"BreadcrumbList\",\"@id\":\"https:\/\/ouestybus.com\/produit\/gavrinis\/#breadcrumb\",\"itemListElement\":[{\"@type\":\"ListItem\",\"position\":1,\"name\":\"Accueil\",\"item\":\"https:\/\/ouestybus.com\/\"},{\"@type\":\"ListItem\",\"position\":2,\"name\":\"Boutique\",\"item\":\"https:\/\/ouestybus.com\/en\/boutique\/\"},{\"@type\":\"ListItem\",\"position\":3,\"name\":\"Visite du Cairn de Gavrinis et d\u00e9couverte de l&rsquo;\u00eele Berder\"}]},{\"@type\":\"WebSite\",\"@id\":\"https:\/\/ouestybus.com\/en\/#website\",\"url\":\"https:\/\/ouestybus.com\/en\/\",\"name\":\"OuesTyBus\",\"description\":\"Circuits touristiques, Tours, Transport de bagages\",\"publisher\":{\"@id\":\"https:\/\/ouestybus.com\/en\/#organization\"},\"potentialAction\":[{\"@type\":\"SearchAction\",\"target\":{\"@type\":\"EntryPoint\",\"urlTemplate\":\"https:\/\/ouestybus.com\/en\/?s={search_term_string}\"},\"query-input\":{\"@type\":\"PropertyValueSpecification\",\"valueRequired\":true,\"valueName\":\"search_term_string\"}}],\"inLanguage\":\"en-GB\"},{\"@type\":\"Organization\",\"@id\":\"https:\/\/ouestybus.com\/en\/#organization\",\"name\":\"OuesTyBus\",\"url\":\"https:\/\/ouestybus.com\/en\/\",\"logo\":{\"@type\":\"ImageObject\",\"inLanguage\":\"en-GB\",\"@id\":\"https:\/\/ouestybus.com\/en\/#\/schema\/logo\/image\/\",\"url\":\"https:\/\/ouestybus.com\/wp-content\/uploads\/2019\/04\/logo_83.png\",\"contentUrl\":\"https:\/\/ouestybus.com\/wp-content\/uploads\/2019\/04\/logo_83.png\",\"width\":64,\"height\":83,\"caption\":\"OuesTyBus\"},\"image\":{\"@id\":\"https:\/\/ouestybus.com\/en\/#\/schema\/logo\/image\/\"},\"sameAs\":[\"https:\/\/www.facebook.com\/ouestybus\",\"https:\/\/www.instagram.com\/ouestybus29\/\"]}]}<\/script>\n<!-- \/ Yoast SEO plugin. -->","yoast_head_json":{"title":"Visite du Cairn de Gavrinis et d\u00e9couverte de l'\u00eele Berder - OuesTyBus","robots":{"index":"index","follow":"follow","max-snippet":"max-snippet:-1","max-image-preview":"max-image-preview:large","max-video-preview":"max-video-preview:-1"},"canonical":"https:\/\/ouestybus.com\/en\/product\/gavrinis\/","og_locale":"en_GB","og_type":"article","og_title":"Visite du Cairn de Gavrinis et d\u00e9couverte de l'\u00eele Berder - OuesTyBus","og_description":"Destination : \u00eele de Gavrinis - Larmor Baden  Dimanche 5 avril","og_url":"https:\/\/ouestybus.com\/en\/product\/gavrinis\/","og_site_name":"OuesTyBus","article_publisher":"https:\/\/www.facebook.com\/ouestybus","article_modified_time":"2026-01-20T14:09:51+00:00","og_image":[{"width":1200,"height":680,"url":"https:\/\/ouestybus.com\/wp-content\/uploads\/2026\/01\/1200x680.jpg","type":"image\/jpeg"}],"twitter_card":"summary_large_image","twitter_misc":{"Estimated reading time":"2 minutes"},"schema":{"@context":"https:\/\/schema.org","@graph":[{"@type":"WebPage","@id":"https:\/\/ouestybus.com\/produit\/gavrinis\/","url":"https:\/\/ouestybus.com\/produit\/gavrinis\/","name":"Visite du Cairn de Gavrinis et d\u00e9couverte de l'\u00eele Berder - OuesTyBus","isPartOf":{"@id":"https:\/\/ouestybus.com\/en\/#website"},"primaryImageOfPage":{"@id":"https:\/\/ouestybus.com\/produit\/gavrinis\/#primaryimage"},"image":{"@id":"https:\/\/ouestybus.com\/produit\/gavrinis\/#primaryimage"},"thumbnailUrl":"https:\/\/ouestybus.com\/wp-content\/uploads\/2026\/01\/1200x680.jpg","datePublished":"2026-01-15T08:58:02+00:00","dateModified":"2026-01-20T14:09:51+00:00","breadcrumb":{"@id":"https:\/\/ouestybus.com\/produit\/gavrinis\/#breadcrumb"},"inLanguage":"en-GB","potentialAction":[{"@type":"ReadAction","target":["https:\/\/ouestybus.com\/produit\/gavrinis\/"]}]},{"@type":"ImageObject","inLanguage":"en-GB","@id":"https:\/\/ouestybus.com\/produit\/gavrinis\/#primaryimage","url":"https:\/\/ouestybus.com\/wp-content\/uploads\/2026\/01\/1200x680.jpg","contentUrl":"https:\/\/ouestybus.com\/wp-content\/uploads\/2026\/01\/1200x680.jpg","width":1200,"height":680},{"@type":"BreadcrumbList","@id":"https:\/\/ouestybus.com\/produit\/gavrinis\/#breadcrumb","itemListElement":[{"@type":"ListItem","position":1,"name":"Accueil","item":"https:\/\/ouestybus.com\/"},{"@type":"ListItem","position":2,"name":"Boutique","item":"https:\/\/ouestybus.com\/en\/boutique\/"},{"@type":"ListItem","position":3,"name":"Visite du Cairn de Gavrinis et d\u00e9couverte de l&rsquo;\u00eele Berder"}]},{"@type":"WebSite","@id":"https:\/\/ouestybus.com\/en\/#website","url":"https:\/\/ouestybus.com\/en\/","name":"OuesTyBus","description":"Circuits touristiques, Tours, Transport de bagages","publisher":{"@id":"https:\/\/ouestybus.com\/en\/#organization"},"potentialAction":[{"@type":"SearchAction","target":{"@type":"EntryPoint","urlTemplate":"https:\/\/ouestybus.com\/en\/?s={search_term_string}"},"query-input":{"@type":"PropertyValueSpecification","valueRequired":true,"valueName":"search_term_string"}}],"inLanguage":"en-GB"},{"@type":"Organization","@id":"https:\/\/ouestybus.com\/en\/#organization","name":"OuesTyBus","url":"https:\/\/ouestybus.com\/en\/","logo":{"@type":"ImageObject","inLanguage":"en-GB","@id":"https:\/\/ouestybus.com\/en\/#\/schema\/logo\/image\/","url":"https:\/\/ouestybus.com\/wp-content\/uploads\/2019\/04\/logo_83.png","contentUrl":"https:\/\/ouestybus.com\/wp-content\/uploads\/2019\/04\/logo_83.png","width":64,"height":83,"caption":"OuesTyBus"},"image":{"@id":"https:\/\/ouestybus.com\/en\/#\/schema\/logo\/image\/"},"sameAs":["https:\/\/www.facebook.com\/ouestybus","https:\/\/www.instagram.com\/ouestybus29\/"]}]}},"_links":{"self":[{"href":"https:\/\/ouestybus.com\/en\/wp-json\/wp\/v2\/product\/5603","targetHints":{"allow":["GET"]}}],"collection":[{"href":"https:\/\/ouestybus.com\/en\/wp-json\/wp\/v2\/product"}],"about":[{"href":"https:\/\/ouestybus.com\/en\/wp-json\/wp\/v2\/types\/product"}],"wp:featuredmedia":[{"embeddable":true,"href":"https:\/\/ouestybus.com\/en\/wp-json\/wp\/v2\/media\/5607"}],"wp:attachment":[{"href":"https:\/\/ouestybus.com\/en\/wp-json\/wp\/v2\/media?parent=5603"}],"wp:term":[{"taxonomy":"product_brand","embeddable":true,"href":"https:\/\/ouestybus.com\/en\/wp-json\/wp\/v2\/product_brand?post=5603"},{"taxonomy":"product_cat","embeddable":true,"href":"https:\/\/ouestybus.com\/en\/wp-json\/wp\/v2\/product_cat?post=5603"},{"taxonomy":"product_tag","embeddable":true,"href":"https:\/\/ouestybus.com\/en\/wp-json\/wp\/v2\/product_tag?post=5603"}],"curies":[{"name":"wp","href":"https:\/\/api.w.org\/{rel}","templated":true}]}}